{"id":3351,"date":"2026-03-10T10:27:36","date_gmt":"2026-03-10T09:27:36","guid":{"rendered":"https:\/\/komorawpms.sk\/?page_id=3351"},"modified":"2026-04-01T09:24:19","modified_gmt":"2026-04-01T07:24:19","slug":"vzdelavanie","status":"publish","type":"page","link":"https:\/\/komorawpms.sk\/?page_id=3351","title":{"rendered":"Neakreditovan\u00e9 kurzy"},"content":{"rendered":"\t\t<div data-elementor-type=\"wp-page\" data-elementor-id=\"3351\" class=\"elementor elementor-3351\" data-elementor-settings=\"[]\">\n\t\t\t\t\t\t\t<div class=\"elementor-section-wrap\">\n\t\t\t\t\t\t\t<section class=\"elementor-section elementor-top-section elementor-element elementor-element-48e9e70 elementor-section-boxed elementor-section-height-default elementor-section-height-default\" data-id=\"48e9e70\" data-element_type=\"section\" data-settings=\"{&quot;background_background&quot;:&quot;classic&quot;}\">\n\t\t\t\t\t\t\t<div class=\"elementor-background-overlay\"><\/div>\n\t\t\t\t\t\t\t<div class=\"elementor-container elementor-column-gap-no\">\n\t\t\t\t\t<div class=\"elementor-column elementor-col-100 elementor-top-column elementor-element elementor-element-4481634\" data-id=\"4481634\" data-element_type=\"column\">\n\t\t\t<div class=\"elementor-widget-wrap elementor-element-populated\">\n\t\t\t\t\t\t\t\t<div class=\"elementor-element elementor-element-9c78992 elementor-widget elementor-widget-heading\" data-id=\"9c78992\" data-element_type=\"widget\" data-widget_type=\"heading.default\">\n\t\t\t\t<div class=\"elementor-widget-container\">\n\t\t\t<h2 class=\"elementor-heading-title elementor-size-xl\">Neakreditovan\u00e9 kurzy<\/h2>\t\t<\/div>\n\t\t\t\t<\/div>\n\t\t\t\t<div class=\"elementor-element elementor-element-7db6cb4 elementor-widget elementor-widget-text-editor\" data-id=\"7db6cb4\" data-element_type=\"widget\" data-widget_type=\"text-editor.default\">\n\t\t\t\t<div class=\"elementor-widget-container\">\n\t\t\t\t\t\t\t<p data-start=\"359\" data-end=\"497\">Slovensk\u00e1 komora mas\u00e9rskych slu\u017eieb a wellness pracovn\u00edkov organizuje odborn\u00e9 vzdel\u00e1vacie kurzy v spolupr\u00e1ci s <strong data-start=\"470\" data-end=\"496\">Mas\u00e9rskou \u0161kolou ZAMAS<\/strong>.<\/p><p data-start=\"359\" data-end=\"497\"><span style=\"color: #ff9900;\"><a style=\"color: #ff9900;\" href=\"https:\/\/www.zamas.sk\/\">https:\/\/www.zamas.sk\/<\/a>\u00a0<\/span><\/p>\t\t\t\t\t\t<\/div>\n\t\t\t\t<\/div>\n\t\t\t\t\t<\/div>\n\t\t<\/div>\n\t\t\t\t\t\t\t<\/div>\n\t\t<\/section>\n\t\t\t\t<section class=\"elementor-section elementor-top-section elementor-element elementor-element-b67c3ee elementor-section-boxed elementor-section-height-default elementor-section-height-default\" data-id=\"b67c3ee\" data-element_type=\"section\">\n\t\t\t\t\t\t<div class=\"elementor-container elementor-column-gap-default\">\n\t\t\t\t\t<div class=\"elementor-column elementor-col-100 elementor-top-column elementor-element elementor-element-1dfe522\" data-id=\"1dfe522\" data-element_type=\"column\">\n\t\t\t<div class=\"elementor-widget-wrap elementor-element-populated\">\n\t\t\t\t\t\t\t\t<section class=\"elementor-section elementor-inner-section elementor-element elementor-element-c13ce0a elementor-section-boxed elementor-section-height-default elementor-section-height-default\" data-id=\"c13ce0a\" data-element_type=\"section\">\n\t\t\t\t\t\t<div class=\"elementor-container elementor-column-gap-default\">\n\t\t\t\t\t<div class=\"elementor-column elementor-col-50 elementor-inner-column elementor-element elementor-element-5d75d90\" data-id=\"5d75d90\" data-element_type=\"column\">\n\t\t\t<div class=\"elementor-widget-wrap elementor-element-populated\">\n\t\t\t\t\t\t\t\t<div class=\"elementor-element elementor-element-6fc6927 elementor-widget elementor-widget-heading\" data-id=\"6fc6927\" data-element_type=\"widget\" data-widget_type=\"heading.default\">\n\t\t\t\t<div class=\"elementor-widget-container\">\n\t\t\t<h2 class=\"elementor-heading-title elementor-size-default\">Osteopatick\u00e9 manipula\u010dn\u00e9 techniky pre pokro\u010dil\u00fdch<\/h2>\t\t<\/div>\n\t\t\t\t<\/div>\n\t\t\t\t\t<\/div>\n\t\t<\/div>\n\t\t\t\t<div class=\"elementor-column elementor-col-50 elementor-inner-column elementor-element elementor-element-86ce807\" data-id=\"86ce807\" data-element_type=\"column\">\n\t\t\t<div class=\"elementor-widget-wrap elementor-element-populated\">\n\t\t\t\t\t\t\t\t<div class=\"elementor-element elementor-element-d4d8d8b elementor-widget elementor-widget-text-editor\" data-id=\"d4d8d8b\" data-element_type=\"widget\" data-widget_type=\"text-editor.default\">\n\t\t\t\t<div class=\"elementor-widget-container\">\n\t\t\t\t\t\t\t<p data-start=\"1906\" data-end=\"1939\"><strong data-start=\"1906\" data-end=\"1917\">Term\u00edn:<\/strong> 08.06. \u2013 10.06.2026<\/p><p data-start=\"1941\" data-end=\"2227\">Kurz je ur\u010den\u00fd pre pokro\u010dil\u00fdch terapeutov, ktor\u00ed chc\u00fa preh\u013abi\u0165 svoje znalosti manu\u00e1lnych techn\u00edk a roz\u0161\u00edri\u0165 svoje terapeutick\u00e9 mo\u017enosti. Zameriava sa na presnos\u0165, citlivos\u0165 a efekt\u00edvnos\u0165 pr\u00e1ce s pohybov\u00fdm apar\u00e1tom. Kurz je vhodn\u00fd pre absolventov z\u00e1kladn\u00fdch kurzov a terapeutov s praxou.<\/p><p data-start=\"2229\" data-end=\"2294\">Kurz je organizovan\u00fd <strong data-start=\"2250\" data-end=\"2292\">v spolupr\u00e1ci s Mas\u00e9rskou \u0161kolou ZAMAS.<\/strong><\/p><p data-start=\"2296\" data-end=\"2414\">\ud83d\udc49 Viac inform\u00e1ci\u00ed n\u00e1jdete TU:<br data-start=\"2326\" data-end=\"2329\" \/><a class=\"decorated-link\" href=\"https:\/\/www.zamas.sk\/zoznam-kurzov\/osteopaticke_manipulacne_techniky_pre_pokrocilych\/?utm_source=chatgpt.com\" target=\"_new\" rel=\"noopener\" data-start=\"2329\" data-end=\"2414\">https:\/\/www.zamas.sk\/zoznam-kurzov\/osteopaticke_manipulacne_techniky_pre_pokrocilych\/<\/a><\/p><hr data-start=\"2416\" data-end=\"2419\" \/><p data-start=\"2421\" data-end=\"2650\"><strong data-start=\"2421\" data-end=\"2515\">Tento kurz je mo\u017en\u00e9 absolvova\u0165 aj s vyu\u017eit\u00edm pr\u00edspevku IVU (Individu\u00e1lny vzdel\u00e1vac\u00ed \u00fa\u010det).<\/strong><br data-start=\"2515\" data-end=\"2518\" \/>Pre z\u00edskanie pr\u00edspevku je potrebn\u00e9 sa najsk\u00f4r zaregistrova\u0165 ako ob\u010dan v syst\u00e9me IVU a n\u00e1sledne po\u017eiada\u0165 o podporu na vybran\u00fd kurz.<\/p><p data-start=\"2652\" data-end=\"2683\"><a href=\"https:\/\/vzdelavamsa.iedu.sk\/course-detail\/490\/11\">\ud83d\udc49 Zobrazi\u0165 kurz v syst\u00e9me IVU.<\/a><\/p>\t\t\t\t\t\t<\/div>\n\t\t\t\t<\/div>\n\t\t\t\t\t<\/div>\n\t\t<\/div>\n\t\t\t\t\t\t\t<\/div>\n\t\t<\/section>\n\t\t\t\t<div class=\"elementor-element elementor-element-8b9f0dd elementor-widget-divider--view-line elementor-widget elementor-widget-divider\" data-id=\"8b9f0dd\" data-element_type=\"widget\" data-widget_type=\"divider.default\">\n\t\t\t\t<div class=\"elementor-widget-container\">\n\t\t\t\t\t<div class=\"elementor-divider\">\n\t\t\t<span class=\"elementor-divider-separator\">\n\t\t\t\t\t\t<\/span>\n\t\t<\/div>\n\t\t\t\t<\/div>\n\t\t\t\t<\/div>\n\t\t\t\t<section class=\"elementor-section elementor-inner-section elementor-element elementor-element-5939969 elementor-section-boxed elementor-section-height-default elementor-section-height-default\" data-id=\"5939969\" data-element_type=\"section\">\n\t\t\t\t\t\t<div class=\"elementor-container elementor-column-gap-default\">\n\t\t\t\t\t<div class=\"elementor-column elementor-col-50 elementor-inner-column elementor-element elementor-element-3666e91\" data-id=\"3666e91\" data-element_type=\"column\">\n\t\t\t<div class=\"elementor-widget-wrap elementor-element-populated\">\n\t\t\t\t\t\t\t\t<div class=\"elementor-element elementor-element-2a189dc elementor-widget elementor-widget-heading\" data-id=\"2a189dc\" data-element_type=\"widget\" data-widget_type=\"heading.default\">\n\t\t\t\t<div class=\"elementor-widget-container\">\n\t\t\t<h2 class=\"elementor-heading-title elementor-size-default\">Temporomandibul\u00e1rny k\u013ab (TMJ) a naz\u00e1lne dysfunkcie<\/h2>\t\t<\/div>\n\t\t\t\t<\/div>\n\t\t\t\t\t<\/div>\n\t\t<\/div>\n\t\t\t\t<div class=\"elementor-column elementor-col-50 elementor-inner-column elementor-element elementor-element-29bec69\" data-id=\"29bec69\" data-element_type=\"column\">\n\t\t\t<div class=\"elementor-widget-wrap elementor-element-populated\">\n\t\t\t\t\t\t\t\t<div class=\"elementor-element elementor-element-1b8db34 elementor-widget elementor-widget-text-editor\" data-id=\"1b8db34\" data-element_type=\"widget\" data-widget_type=\"text-editor.default\">\n\t\t\t\t<div class=\"elementor-widget-container\">\n\t\t\t\t\t\t\t<p data-start=\"1068\" data-end=\"1101\"><strong data-start=\"1068\" data-end=\"1079\">Term\u00edn:<\/strong> 11.06. \u2013 12.06.2026<\/p><p data-start=\"1103\" data-end=\"1414\">Kurz sa zameriava na diagnostiku a terapiu dysfunkci\u00ed temporomandibul\u00e1rneho k\u013abu (TMJ) a oblasti nosa. Nau\u010d\u00edte sa pracova\u0165 s nap\u00e4t\u00edm v oblasti \u010de\u013euste, tv\u00e1re a hlavy a pochopi\u0165 s\u00favislosti medzi jednotliv\u00fdmi \u0161trukt\u00farami. Kurz je vhodn\u00fd pre mas\u00e9rov a terapeutov so z\u00e1ujmom o detailn\u00fa pr\u00e1cu v oblasti hlavy a krku.<\/p><p data-start=\"1416\" data-end=\"1481\">Kurz je organizovan\u00fd <strong data-start=\"1437\" data-end=\"1479\">v spolupr\u00e1ci s Mas\u00e9rskou \u0161kolou ZAMAS.<\/strong><\/p><p data-start=\"1483\" data-end=\"1574\">\ud83d\udc49 Viac inform\u00e1ci\u00ed n\u00e1jdete TU:<br data-start=\"1513\" data-end=\"1516\" \/><a class=\"decorated-link\" href=\"https:\/\/www.zamas.sk\/zoznam-kurzov\/tmj-nazalne-disfunkcie\/\" target=\"_new\" rel=\"noopener\" data-start=\"1516\" data-end=\"1574\">https:\/\/www.zamas.sk\/zoznam-kurzov\/tmj-nazalne-disfunkcie\/<\/a><\/p><hr data-start=\"1576\" data-end=\"1579\" \/><p data-start=\"1581\" data-end=\"1810\"><strong data-start=\"1581\" data-end=\"1675\">Tento kurz je mo\u017en\u00e9 absolvova\u0165 aj s vyu\u017eit\u00edm pr\u00edspevku IVU (Individu\u00e1lny vzdel\u00e1vac\u00ed \u00fa\u010det).<\/strong><br data-start=\"1675\" data-end=\"1678\" \/>Pre z\u00edskanie pr\u00edspevku je potrebn\u00e9 sa najsk\u00f4r zaregistrova\u0165 ako ob\u010dan v syst\u00e9me IVU a n\u00e1sledne po\u017eiada\u0165 o podporu na vybran\u00fd kurz.<\/p><p data-start=\"1812\" data-end=\"1843\"><a href=\"https:\/\/vzdelavamsa.iedu.sk\/course-detail\/460\/11\">\ud83d\udc49 Zobrazi\u0165 kurz v syst\u00e9me IVU.<\/a><\/p>\t\t\t\t\t\t<\/div>\n\t\t\t\t<\/div>\n\t\t\t\t\t<\/div>\n\t\t<\/div>\n\t\t\t\t\t\t\t<\/div>\n\t\t<\/section>\n\t\t\t\t<div class=\"elementor-element elementor-element-5171371 elementor-widget-divider--view-line elementor-widget elementor-widget-divider\" data-id=\"5171371\" data-element_type=\"widget\" data-widget_type=\"divider.default\">\n\t\t\t\t<div class=\"elementor-widget-container\">\n\t\t\t\t\t<div class=\"elementor-divider\">\n\t\t\t<span class=\"elementor-divider-separator\">\n\t\t\t\t\t\t<\/span>\n\t\t<\/div>\n\t\t\t\t<\/div>\n\t\t\t\t<\/div>\n\t\t\t\t<section class=\"elementor-section elementor-inner-section elementor-element elementor-element-1ef2245 elementor-section-boxed elementor-section-height-default elementor-section-height-default\" data-id=\"1ef2245\" data-element_type=\"section\">\n\t\t\t\t\t\t<div class=\"elementor-container elementor-column-gap-default\">\n\t\t\t\t\t<div class=\"elementor-column elementor-col-50 elementor-inner-column elementor-element elementor-element-eec6e35\" data-id=\"eec6e35\" data-element_type=\"column\">\n\t\t\t<div class=\"elementor-widget-wrap elementor-element-populated\">\n\t\t\t\t\t\t\t\t<div class=\"elementor-element elementor-element-7088a27 elementor-widget elementor-widget-heading\" data-id=\"7088a27\" data-element_type=\"widget\" data-widget_type=\"heading.default\">\n\t\t\t\t<div class=\"elementor-widget-container\">\n\t\t\t<h2 class=\"elementor-heading-title elementor-size-default\">High Velocity Low Amplitude techniky (HVLA)<\/h2>\t\t<\/div>\n\t\t\t\t<\/div>\n\t\t\t\t\t<\/div>\n\t\t<\/div>\n\t\t\t\t<div class=\"elementor-column elementor-col-50 elementor-inner-column elementor-element elementor-element-8a59372\" data-id=\"8a59372\" data-element_type=\"column\">\n\t\t\t<div class=\"elementor-widget-wrap elementor-element-populated\">\n\t\t\t\t\t\t\t\t<div class=\"elementor-element elementor-element-0b47140 elementor-widget elementor-widget-text-editor\" data-id=\"0b47140\" data-element_type=\"widget\" data-widget_type=\"text-editor.default\">\n\t\t\t\t<div class=\"elementor-widget-container\">\n\t\t\t\t\t\t\t<p data-start=\"2740\" data-end=\"2773\"><strong data-start=\"2740\" data-end=\"2751\">Term\u00edn:<\/strong> 14.06. \u2013 16.06.2026<\/p><p data-start=\"2775\" data-end=\"3064\">Kurz je zameran\u00fd na r\u00fdchle a presn\u00e9 manipula\u010dn\u00e9 techniky pou\u017e\u00edvan\u00e9 pri terapii pohybov\u00e9ho apar\u00e1tu. Nau\u010d\u00edte sa bezpe\u010dne a efekt\u00edvne aplikova\u0165 HVLA techniky v praxi a zlep\u0161i\u0165 mobilitu k\u013abov. Kurz je vhodn\u00fd pre terapeutov, ktor\u00ed chc\u00fa roz\u0161\u00edri\u0165 svoje zru\u010dnosti o pokro\u010dil\u00e9 manipula\u010dn\u00e9 techniky.<\/p><p data-start=\"3066\" data-end=\"3131\">Kurz je organizovan\u00fd <strong data-start=\"3087\" data-end=\"3129\">v spolupr\u00e1ci s Mas\u00e9rskou \u0161kolou ZAMAS.<\/strong><\/p><p data-start=\"3133\" data-end=\"3243\">\ud83d\udc49 Viac inform\u00e1ci\u00ed n\u00e1jdete TU:<br data-start=\"3163\" data-end=\"3166\" \/><a class=\"decorated-link\" href=\"https:\/\/www.zamas.sk\/zoznam-kurzov\/high-velocity-low-amplitude-techniky-hvla\/\" target=\"_new\" rel=\"noopener\" data-start=\"3166\" data-end=\"3243\">https:\/\/www.zamas.sk\/zoznam-kurzov\/high-velocity-low-amplitude-techniky-hvla\/<\/a><\/p><hr data-start=\"3245\" data-end=\"3248\" \/><p data-start=\"3250\" data-end=\"3479\"><strong data-start=\"3250\" data-end=\"3344\">Tento kurz je mo\u017en\u00e9 absolvova\u0165 aj s vyu\u017eit\u00edm pr\u00edspevku IVU (Individu\u00e1lny vzdel\u00e1vac\u00ed \u00fa\u010det).<\/strong><br data-start=\"3344\" data-end=\"3347\" \/>Pre z\u00edskanie pr\u00edspevku je potrebn\u00e9 sa najsk\u00f4r zaregistrova\u0165 ako ob\u010dan v syst\u00e9me IVU a n\u00e1sledne po\u017eiada\u0165 o podporu na vybran\u00fd kurz.<\/p><p data-start=\"3481\" data-end=\"3512\"><a href=\"https:\/\/vzdelavamsa.iedu.sk\/course-detail\/491\/11\">\ud83d\udc49 Zobrazi\u0165 kurz v syst\u00e9me IVU.<\/a><\/p>\t\t\t\t\t\t<\/div>\n\t\t\t\t<\/div>\n\t\t\t\t\t<\/div>\n\t\t<\/div>\n\t\t\t\t\t\t\t<\/div>\n\t\t<\/section>\n\t\t\t\t<div class=\"elementor-element elementor-element-412c3e7 elementor-widget-divider--view-line elementor-widget elementor-widget-divider\" data-id=\"412c3e7\" data-element_type=\"widget\" data-widget_type=\"divider.default\">\n\t\t\t\t<div class=\"elementor-widget-container\">\n\t\t\t\t\t<div class=\"elementor-divider\">\n\t\t\t<span class=\"elementor-divider-separator\">\n\t\t\t\t\t\t<\/span>\n\t\t<\/div>\n\t\t\t\t<\/div>\n\t\t\t\t<\/div>\n\t\t\t\t<section class=\"elementor-section elementor-inner-section elementor-element elementor-element-319d85b elementor-section-boxed elementor-section-height-default elementor-section-height-default\" data-id=\"319d85b\" data-element_type=\"section\">\n\t\t\t\t\t\t<div class=\"elementor-container elementor-column-gap-default\">\n\t\t\t\t\t<div class=\"elementor-column elementor-col-50 elementor-inner-column elementor-element elementor-element-0fba6da\" data-id=\"0fba6da\" data-element_type=\"column\">\n\t\t\t<div class=\"elementor-widget-wrap elementor-element-populated\">\n\t\t\t\t\t\t\t\t<div class=\"elementor-element elementor-element-a0b56f9 elementor-widget elementor-widget-heading\" data-id=\"a0b56f9\" data-element_type=\"widget\" data-widget_type=\"heading.default\">\n\t\t\t\t<div class=\"elementor-widget-container\">\n\t\t\t<h2 class=\"elementor-heading-title elementor-size-default\">Pediatrick\u00e9 osteopatick\u00e9 techniky<\/h2>\t\t<\/div>\n\t\t\t\t<\/div>\n\t\t\t\t\t<\/div>\n\t\t<\/div>\n\t\t\t\t<div class=\"elementor-column elementor-col-50 elementor-inner-column elementor-element elementor-element-a438424\" data-id=\"a438424\" data-element_type=\"column\">\n\t\t\t<div class=\"elementor-widget-wrap elementor-element-populated\">\n\t\t\t\t\t\t\t\t<div class=\"elementor-element elementor-element-2010891 elementor-widget elementor-widget-text-editor\" data-id=\"2010891\" data-element_type=\"widget\" data-widget_type=\"text-editor.default\">\n\t\t\t\t<div class=\"elementor-widget-container\">\n\t\t\t\t\t\t\t<p data-start=\"196\" data-end=\"229\"><strong data-start=\"196\" data-end=\"207\">Term\u00edn:<\/strong> 22.06. \u2013 15.07.2026<\/p><p data-start=\"231\" data-end=\"361\">Kurz prebieha v rozsahu 6 dn\u00ed a je rozdelen\u00fd na dve \u010dasti:<br data-start=\"289\" data-end=\"292\" \/><strong data-start=\"292\" data-end=\"304\">1. \u010das\u0165:<\/strong> 22.06. \u2013 24.06.2026<br data-start=\"324\" data-end=\"327\" \/><strong data-start=\"327\" data-end=\"339\">2. \u010das\u0165:<\/strong> 13.07. \u2013 15.07.2026<\/p><p data-start=\"363\" data-end=\"720\">Kurz je zameran\u00fd na jemn\u00e9 manu\u00e1lne techniky vyu\u017e\u00edvan\u00e9 pri pr\u00e1ci s de\u0165mi, ktor\u00e9 podporuj\u00fa spr\u00e1vny v\u00fdvoj pohybov\u00e9ho apar\u00e1tu a celkov\u00fa rovnov\u00e1hu organizmu. Nau\u010d\u00edte sa, ako citlivo a efekt\u00edvne pracova\u0165 s detsk\u00fdm telom a reagova\u0165 na jeho \u0161pecifick\u00e9 potreby. Kurz je vhodn\u00fd pre terapeutov a mas\u00e9rov, ktor\u00ed chc\u00fa roz\u0161\u00edri\u0165 svoje zru\u010dnosti o pr\u00e1cu s detsk\u00fdm klientom.<\/p><p data-start=\"722\" data-end=\"787\">Kurz je organizovan\u00fd <strong data-start=\"743\" data-end=\"785\">v spolupr\u00e1ci s Mas\u00e9rskou \u0161kolou ZAMAS.<\/strong><\/p><p data-start=\"789\" data-end=\"891\">\ud83d\udc49 Viac inform\u00e1ci\u00ed n\u00e1jdete TU:<br data-start=\"819\" data-end=\"822\" \/><a class=\"decorated-link\" href=\"https:\/\/www.zamas.sk\/zoznam-kurzov\/pediatricke-osteopaticke-techniky\/\" target=\"_new\" rel=\"noopener\" data-start=\"822\" data-end=\"891\">https:\/\/www.zamas.sk\/zoznam-kurzov\/pediatricke-osteopaticke-techniky\/<\/a><\/p><hr data-start=\"893\" data-end=\"896\" \/><p data-start=\"898\" data-end=\"1127\"><strong data-start=\"898\" data-end=\"992\">Tento kurz je mo\u017en\u00e9 absolvova\u0165 aj s vyu\u017eit\u00edm pr\u00edspevku IVU (Individu\u00e1lny vzdel\u00e1vac\u00ed \u00fa\u010det).<\/strong><br data-start=\"992\" data-end=\"995\" \/>Pre z\u00edskanie pr\u00edspevku je potrebn\u00e9 sa najsk\u00f4r zaregistrova\u0165 ako ob\u010dan v syst\u00e9me IVU a n\u00e1sledne po\u017eiada\u0165 o podporu na vybran\u00fd kurz.<\/p><p data-start=\"1129\" data-end=\"1160\"><a href=\"https:\/\/vzdelavamsa.iedu.sk\/course-detail\/459\/11\">\ud83d\udc49 Zobrazi\u0165 kurz v syst\u00e9me IVU.<\/a><\/p>\t\t\t\t\t\t<\/div>\n\t\t\t\t<\/div>\n\t\t\t\t\t<\/div>\n\t\t<\/div>\n\t\t\t\t\t\t\t<\/div>\n\t\t<\/section>\n\t\t\t\t<div class=\"elementor-element elementor-element-452b273 elementor-widget-divider--view-line elementor-widget elementor-widget-divider\" data-id=\"452b273\" data-element_type=\"widget\" data-widget_type=\"divider.default\">\n\t\t\t\t<div class=\"elementor-widget-container\">\n\t\t\t\t\t<div class=\"elementor-divider\">\n\t\t\t<span class=\"elementor-divider-separator\">\n\t\t\t\t\t\t<\/span>\n\t\t<\/div>\n\t\t\t\t<\/div>\n\t\t\t\t<\/div>\n\t\t\t\t<section class=\"elementor-section elementor-inner-section elementor-element elementor-element-11e51e3 elementor-section-boxed elementor-section-height-default elementor-section-height-default\" data-id=\"11e51e3\" data-element_type=\"section\">\n\t\t\t\t\t\t<div class=\"elementor-container elementor-column-gap-default\">\n\t\t\t\t\t<div class=\"elementor-column elementor-col-50 elementor-inner-column elementor-element elementor-element-e10e92c\" data-id=\"e10e92c\" data-element_type=\"column\">\n\t\t\t<div class=\"elementor-widget-wrap elementor-element-populated\">\n\t\t\t\t\t\t\t\t<div class=\"elementor-element elementor-element-a1ac474 elementor-widget elementor-widget-heading\" data-id=\"a1ac474\" data-element_type=\"widget\" data-widget_type=\"heading.default\">\n\t\t\t\t<div class=\"elementor-widget-container\">\n\t\t\t<h2 class=\"elementor-heading-title elementor-size-default\">Lymfodren\u00e1\u017e cel\u00e9ho tela<\/h2>\t\t<\/div>\n\t\t\t\t<\/div>\n\t\t\t\t\t<\/div>\n\t\t<\/div>\n\t\t\t\t<div class=\"elementor-column elementor-col-50 elementor-inner-column elementor-element elementor-element-f996007\" data-id=\"f996007\" data-element_type=\"column\">\n\t\t\t<div class=\"elementor-widget-wrap elementor-element-populated\">\n\t\t\t\t\t\t\t\t<div class=\"elementor-element elementor-element-30708b1 elementor-widget elementor-widget-text-editor\" data-id=\"30708b1\" data-element_type=\"widget\" data-widget_type=\"text-editor.default\">\n\t\t\t\t<div class=\"elementor-widget-container\">\n\t\t\t\t\t\t\t<p data-start=\"1066\" data-end=\"1099\"><strong data-start=\"1066\" data-end=\"1077\">Term\u00edn:<\/strong> 13.04. \u2013 19.04.2026<\/p><p data-start=\"1101\" data-end=\"1213\">Komplexn\u00fd kurz zameran\u00fd na techniky lymfodren\u00e1\u017ee tela, kozmetickej lymfodren\u00e1\u017ee tv\u00e1re a anticelulit\u00eddnej mas\u00e1\u017ee.<\/p><p data-start=\"1215\" data-end=\"1278\">Kurz je organizovan\u00fd <strong data-start=\"1236\" data-end=\"1277\">v spolupr\u00e1ci s Mas\u00e9rskou \u0161kolou ZAMAS<\/strong>.<\/p><p data-start=\"1280\" data-end=\"1428\"><a href=\"https:\/\/www.zamas.sk\/zoznam-kurzov\/lymfodrenaz-celeho-tela-kozmeticka-lymfodrenaz-tvare-anticelulitidna-masaz-tri-kurzy-v-jednom\/\">Viac inform\u00e1ci\u00ed n\u00e1jdete TU.<\/a><br data-start=\"1296\" data-end=\"1299\" \/><br \/><\/p><p><b>Tento kurz je mo\u017en\u00e9 absolvova\u0165 aj s vyu\u017eit\u00edm pr\u00edspevku IVU (Individu\u00e1lny vzdel\u00e1vac\u00ed \u00fa\u010det).<\/b><br \/>Pre z\u00edskanie pr\u00edspevku je potrebn\u00e9 sa najsk\u00f4r zaregistrova\u0165 ako ob\u010dan v syst\u00e9me IVU a n\u00e1sledne po\u017eiada\u0165 o podporu na vybran\u00fd kurz.<\/p><p><a href=\"https:\/\/vzdelavamsa.iedu.sk\/course-detail\/68\/11\">Zobrazi\u0165 kurz v syst\u00e9me IVU.<\/a><\/p>\t\t\t\t\t\t<\/div>\n\t\t\t\t<\/div>\n\t\t\t\t\t<\/div>\n\t\t<\/div>\n\t\t\t\t\t\t\t<\/div>\n\t\t<\/section>\n\t\t\t\t<div class=\"elementor-element elementor-element-a7187d2 elementor-widget-divider--view-line elementor-widget elementor-widget-divider\" data-id=\"a7187d2\" data-element_type=\"widget\" data-widget_type=\"divider.default\">\n\t\t\t\t<div class=\"elementor-widget-container\">\n\t\t\t\t\t<div class=\"elementor-divider\">\n\t\t\t<span class=\"elementor-divider-separator\">\n\t\t\t\t\t\t<\/span>\n\t\t<\/div>\n\t\t\t\t<\/div>\n\t\t\t\t<\/div>\n\t\t\t\t<section class=\"elementor-section elementor-inner-section elementor-element elementor-element-41f16cf elementor-section-boxed elementor-section-height-default elementor-section-height-default\" data-id=\"41f16cf\" data-element_type=\"section\">\n\t\t\t\t\t\t<div class=\"elementor-container elementor-column-gap-default\">\n\t\t\t\t\t<div class=\"elementor-column elementor-col-50 elementor-inner-column elementor-element elementor-element-e8755bb\" data-id=\"e8755bb\" data-element_type=\"column\">\n\t\t\t<div class=\"elementor-widget-wrap elementor-element-populated\">\n\t\t\t\t\t\t\t\t<div class=\"elementor-element elementor-element-e4e9a92 elementor-widget elementor-widget-heading\" data-id=\"e4e9a92\" data-element_type=\"widget\" data-widget_type=\"heading.default\">\n\t\t\t\t<div class=\"elementor-widget-container\">\n\t\t\t<h2 class=\"elementor-heading-title elementor-size-default\">SM syst\u00e9m 1A + 1B<\/h2>\t\t<\/div>\n\t\t\t\t<\/div>\n\t\t\t\t\t<\/div>\n\t\t<\/div>\n\t\t\t\t<div class=\"elementor-column elementor-col-50 elementor-inner-column elementor-element elementor-element-37eecf4\" data-id=\"37eecf4\" data-element_type=\"column\">\n\t\t\t<div class=\"elementor-widget-wrap elementor-element-populated\">\n\t\t\t\t\t\t\t\t<div class=\"elementor-element elementor-element-c4a4eca elementor-widget elementor-widget-text-editor\" data-id=\"c4a4eca\" data-element_type=\"widget\" data-widget_type=\"text-editor.default\">\n\t\t\t\t<div class=\"elementor-widget-container\">\n\t\t\t\t\t\t\t<p data-start=\"1456\" data-end=\"1489\"><strong data-start=\"1456\" data-end=\"1467\">Term\u00edn:<\/strong><\/p><ul><li data-start=\"1456\" data-end=\"1489\">11.04. \u2013 12.04.2026<\/li><li data-start=\"1456\" data-end=\"1489\">30 \u2013 31.05.2026<\/li><\/ul><p data-start=\"1491\" data-end=\"1630\">Kurz zameran\u00fd na met\u00f3du SM syst\u00e9mu, ktor\u00e1 pracuje s aktiv\u00e1ciou svalov\u00fdch re\u0165azcov a podporuje stabiliz\u00e1ciu chrbtice a spr\u00e1vne dr\u017eanie tela.<\/p><p data-start=\"1632\" data-end=\"1695\">Kurz je organizovan\u00fd <strong data-start=\"1653\" data-end=\"1694\">v spolupr\u00e1ci s Mas\u00e9rskou \u0161kolou ZAMAS<\/strong>.<\/p><p data-start=\"1697\" data-end=\"1761\"><a href=\"https:\/\/www.zamas.sk\/zoznam-kurzov\/sm-system\/\">Viac inform\u00e1ci\u00ed n\u00e1jdete TU.<\/a><\/p><p data-start=\"1697\" data-end=\"1761\">\u00a0<\/p><p><b>Tento kurz je mo\u017en\u00e9 absolvova\u0165 aj s vyu\u017eit\u00edm pr\u00edspevku IVU (Individu\u00e1lny vzdel\u00e1vac\u00ed \u00fa\u010det).<\/b><br \/>Pre z\u00edskanie pr\u00edspevku je potrebn\u00e9 sa najsk\u00f4r zaregistrova\u0165 ako ob\u010dan v syst\u00e9me IVU a n\u00e1sledne po\u017eiada\u0165 o podporu na vybran\u00fd kurz.<\/p><p><a href=\"https:\/\/vzdelavamsa.iedu.sk\/course-detail\/242\/11\">Zobrazi\u0165 kurz v syst\u00e9me IVU.<\/a><\/p>\t\t\t\t\t\t<\/div>\n\t\t\t\t<\/div>\n\t\t\t\t\t<\/div>\n\t\t<\/div>\n\t\t\t\t\t\t\t<\/div>\n\t\t<\/section>\n\t\t\t\t<div class=\"elementor-element elementor-element-3637ad9 elementor-widget-divider--view-line elementor-widget elementor-widget-divider\" data-id=\"3637ad9\" data-element_type=\"widget\" data-widget_type=\"divider.default\">\n\t\t\t\t<div class=\"elementor-widget-container\">\n\t\t\t\t\t<div class=\"elementor-divider\">\n\t\t\t<span class=\"elementor-divider-separator\">\n\t\t\t\t\t\t<\/span>\n\t\t<\/div>\n\t\t\t\t<\/div>\n\t\t\t\t<\/div>\n\t\t\t\t<section class=\"elementor-section elementor-inner-section elementor-element elementor-element-92e80d5 elementor-section-boxed elementor-section-height-default elementor-section-height-default\" data-id=\"92e80d5\" data-element_type=\"section\">\n\t\t\t\t\t\t<div class=\"elementor-container elementor-column-gap-default\">\n\t\t\t\t\t<div class=\"elementor-column elementor-col-50 elementor-inner-column elementor-element elementor-element-65c59fd\" data-id=\"65c59fd\" data-element_type=\"column\">\n\t\t\t<div class=\"elementor-widget-wrap elementor-element-populated\">\n\t\t\t\t\t\t\t\t<div class=\"elementor-element elementor-element-8c04d16 elementor-widget elementor-widget-heading\" data-id=\"8c04d16\" data-element_type=\"widget\" data-widget_type=\"heading.default\">\n\t\t\t\t<div class=\"elementor-widget-container\">\n\t\t\t<h2 class=\"elementor-heading-title elementor-size-default\">SM syst\u00e9m 1C + 1D<\/h2>\t\t<\/div>\n\t\t\t\t<\/div>\n\t\t\t\t\t<\/div>\n\t\t<\/div>\n\t\t\t\t<div class=\"elementor-column elementor-col-50 elementor-inner-column elementor-element elementor-element-3649750\" data-id=\"3649750\" data-element_type=\"column\">\n\t\t\t<div class=\"elementor-widget-wrap elementor-element-populated\">\n\t\t\t\t\t\t\t\t<div class=\"elementor-element elementor-element-5d55f07 elementor-widget elementor-widget-text-editor\" data-id=\"5d55f07\" data-element_type=\"widget\" data-widget_type=\"text-editor.default\">\n\t\t\t\t<div class=\"elementor-widget-container\">\n\t\t\t\t\t\t\t<p data-start=\"1789\" data-end=\"1822\"><strong data-start=\"1789\" data-end=\"1800\">Term\u00edn:<\/strong> 25.04. \u2013 26.04.2026<\/p><p data-start=\"1824\" data-end=\"1947\">Pokra\u010dovanie kurzu SM syst\u00e9mu zameran\u00e9 na pokro\u010dil\u00e9 techniky pr\u00e1ce so svalov\u00fdmi re\u0165azcami a praktick\u00e9 terapeutick\u00e9 postupy.<\/p><p data-start=\"1949\" data-end=\"2012\">Kurz je organizovan\u00fd <strong data-start=\"1970\" data-end=\"2011\">v spolupr\u00e1ci s Mas\u00e9rskou \u0161kolou ZAMAS<\/strong>.<\/p><p data-start=\"2014\" data-end=\"2086\"><a href=\"https:\/\/www.zamas.sk\/zoznam-kurzov\/sm-system-1c-+-1d\/\">Viac inform\u00e1ci\u00ed n\u00e1jdete TU.<\/a><\/p><p>\u00a0<\/p><p><b>Tento kurz je mo\u017en\u00e9 absolvova\u0165 aj s vyu\u017eit\u00edm pr\u00edspevku IVU (Individu\u00e1lny vzdel\u00e1vac\u00ed \u00fa\u010det).<\/b><br \/>Pre z\u00edskanie pr\u00edspevku je potrebn\u00e9 sa najsk\u00f4r zaregistrova\u0165 ako ob\u010dan v syst\u00e9me IVU a n\u00e1sledne po\u017eiada\u0165 o podporu na vybran\u00fd kurz.<\/p><p><a href=\"https:\/\/vzdelavamsa.iedu.sk\/course-detail\/70\/11\">Zobrazi\u0165 kurz v syst\u00e9me IVU.<\/a><\/p>\t\t\t\t\t\t<\/div>\n\t\t\t\t<\/div>\n\t\t\t\t\t<\/div>\n\t\t<\/div>\n\t\t\t\t\t\t\t<\/div>\n\t\t<\/section>\n\t\t\t\t<div class=\"elementor-element elementor-element-95714b0 elementor-widget-divider--view-line elementor-widget elementor-widget-divider\" data-id=\"95714b0\" data-element_type=\"widget\" data-widget_type=\"divider.default\">\n\t\t\t\t<div class=\"elementor-widget-container\">\n\t\t\t\t\t<div class=\"elementor-divider\">\n\t\t\t<span class=\"elementor-divider-separator\">\n\t\t\t\t\t\t<\/span>\n\t\t<\/div>\n\t\t\t\t<\/div>\n\t\t\t\t<\/div>\n\t\t\t\t<section class=\"elementor-section elementor-inner-section elementor-element elementor-element-4b2cc3e elementor-section-boxed elementor-section-height-default elementor-section-height-default\" data-id=\"4b2cc3e\" data-element_type=\"section\">\n\t\t\t\t\t\t<div class=\"elementor-container elementor-column-gap-default\">\n\t\t\t\t\t<div class=\"elementor-column elementor-col-50 elementor-inner-column elementor-element elementor-element-a2dfc8f\" data-id=\"a2dfc8f\" data-element_type=\"column\">\n\t\t\t<div class=\"elementor-widget-wrap elementor-element-populated\">\n\t\t\t\t\t\t\t\t<div class=\"elementor-element elementor-element-3cd04af elementor-widget elementor-widget-heading\" data-id=\"3cd04af\" data-element_type=\"widget\" data-widget_type=\"heading.default\">\n\t\t\t\t<div class=\"elementor-widget-container\">\n\t\t\t<h2 class=\"elementor-heading-title elementor-size-default\">Face Contouring<\/h2>\t\t<\/div>\n\t\t\t\t<\/div>\n\t\t\t\t\t<\/div>\n\t\t<\/div>\n\t\t\t\t<div class=\"elementor-column elementor-col-50 elementor-inner-column elementor-element elementor-element-66840d2\" data-id=\"66840d2\" data-element_type=\"column\">\n\t\t\t<div class=\"elementor-widget-wrap elementor-element-populated\">\n\t\t\t\t\t\t\t\t<div class=\"elementor-element elementor-element-a6601bf elementor-widget elementor-widget-text-editor\" data-id=\"a6601bf\" data-element_type=\"widget\" data-widget_type=\"text-editor.default\">\n\t\t\t\t<div class=\"elementor-widget-container\">\n\t\t\t\t\t\t\t<p data-start=\"2112\" data-end=\"2145\"><strong data-start=\"2112\" data-end=\"2123\">Term\u00edn:<\/strong> 27.04. \u2013 13.05.2026<\/p><p data-start=\"2147\" data-end=\"2253\">Kurz je zameran\u00fd na techniky formovania a spev\u0148ovania kont\u00far tv\u00e1re pomocou \u0161peci\u00e1lnych mas\u00e1\u017enych postupov.<\/p><p data-start=\"2255\" data-end=\"2318\">Kurz je organizovan\u00fd <strong data-start=\"2276\" data-end=\"2317\">v spolupr\u00e1ci s Mas\u00e9rskou \u0161kolou ZAMAS<\/strong>.<\/p><p data-start=\"2320\" data-end=\"2390\"><a href=\"https:\/\/www.zamas.sk\/zoznam-kurzov\/face-contouring\/\">Viac inform\u00e1ci\u00ed n\u00e1jdete TU.<\/a><br data-start=\"2336\" data-end=\"2339\" \/><br \/><\/p><p><b>Tento kurz je mo\u017en\u00e9 absolvova\u0165 aj s vyu\u017eit\u00edm pr\u00edspevku IVU (Individu\u00e1lny vzdel\u00e1vac\u00ed \u00fa\u010det).<\/b><br \/>Pre z\u00edskanie pr\u00edspevku je potrebn\u00e9 sa najsk\u00f4r zaregistrova\u0165 ako ob\u010dan v syst\u00e9me IVU a n\u00e1sledne po\u017eiada\u0165 o podporu na vybran\u00fd kurz.<\/p><p><a href=\"https:\/\/vzdelavamsa.iedu.sk\/course-detail\/73\/10\">Zobrazi\u0165 kurz v syst\u00e9me IVU.<\/a><\/p>\t\t\t\t\t\t<\/div>\n\t\t\t\t<\/div>\n\t\t\t\t\t<\/div>\n\t\t<\/div>\n\t\t\t\t\t\t\t<\/div>\n\t\t<\/section>\n\t\t\t\t<div class=\"elementor-element elementor-element-e39a86a elementor-widget-divider--view-line elementor-widget elementor-widget-divider\" data-id=\"e39a86a\" data-element_type=\"widget\" data-widget_type=\"divider.default\">\n\t\t\t\t<div class=\"elementor-widget-container\">\n\t\t\t\t\t<div class=\"elementor-divider\">\n\t\t\t<span class=\"elementor-divider-separator\">\n\t\t\t\t\t\t<\/span>\n\t\t<\/div>\n\t\t\t\t<\/div>\n\t\t\t\t<\/div>\n\t\t\t\t<section class=\"elementor-section elementor-inner-section elementor-element elementor-element-97e23ce elementor-section-boxed elementor-section-height-default elementor-section-height-default\" data-id=\"97e23ce\" data-element_type=\"section\">\n\t\t\t\t\t\t<div class=\"elementor-container elementor-column-gap-default\">\n\t\t\t\t\t<div class=\"elementor-column elementor-col-50 elementor-inner-column elementor-element elementor-element-1a3d400\" data-id=\"1a3d400\" data-element_type=\"column\">\n\t\t\t<div class=\"elementor-widget-wrap elementor-element-populated\">\n\t\t\t\t\t\t\t\t<div class=\"elementor-element elementor-element-00dc6ef elementor-widget elementor-widget-heading\" data-id=\"00dc6ef\" data-element_type=\"widget\" data-widget_type=\"heading.default\">\n\t\t\t\t<div class=\"elementor-widget-container\">\n\t\t\t<h2 class=\"elementor-heading-title elementor-size-default\">Fasci\u00e1lne no\u017ee<\/h2>\t\t<\/div>\n\t\t\t\t<\/div>\n\t\t\t\t\t<\/div>\n\t\t<\/div>\n\t\t\t\t<div class=\"elementor-column elementor-col-50 elementor-inner-column elementor-element elementor-element-f5f9620\" data-id=\"f5f9620\" data-element_type=\"column\">\n\t\t\t<div class=\"elementor-widget-wrap elementor-element-populated\">\n\t\t\t\t\t\t\t\t<div class=\"elementor-element elementor-element-09d2e3e elementor-widget elementor-widget-text-editor\" data-id=\"09d2e3e\" data-element_type=\"widget\" data-widget_type=\"text-editor.default\">\n\t\t\t\t<div class=\"elementor-widget-container\">\n\t\t\t\t\t\t\t<p data-start=\"2415\" data-end=\"2448\"><strong data-start=\"2415\" data-end=\"2426\">Term\u00edn:<\/strong> 28.04. \u2013 29.04.2026<\/p><p data-start=\"2450\" data-end=\"2534\">Kurz je zameran\u00fd na pr\u00e1cu s fasci\u00e1lnymi no\u017emi a techniky uvo\u013e\u0148ovania m\u00e4kk\u00fdch tkan\u00edv.<\/p><p data-start=\"2536\" data-end=\"2599\">Kurz je organizovan\u00fd <strong data-start=\"2557\" data-end=\"2598\">v spolupr\u00e1ci s Mas\u00e9rskou \u0161kolou ZAMAS<\/strong>.<\/p><p data-start=\"2601\" data-end=\"2670\"><a href=\"https:\/\/www.zamas.sk\/zoznam-kurzov\/fascialne-noze\/\">Viac inform\u00e1ci\u00ed n\u00e1jdete TU.<\/a><br data-start=\"2617\" data-end=\"2620\" \/><br \/><\/p><p><b>Tento kurz je mo\u017en\u00e9 absolvova\u0165 aj s vyu\u017eit\u00edm pr\u00edspevku IVU (Individu\u00e1lny vzdel\u00e1vac\u00ed \u00fa\u010det).<\/b><br \/>Pre z\u00edskanie pr\u00edspevku je potrebn\u00e9 sa najsk\u00f4r zaregistrova\u0165 ako ob\u010dan v syst\u00e9me IVU a n\u00e1sledne po\u017eiada\u0165 o podporu na vybran\u00fd kurz.<\/p><p><a href=\"https:\/\/vzdelavamsa.iedu.sk\/course-detail\/67\/11\">Zobrazi\u0165 kurz v syst\u00e9me IVU.<\/a><\/p>\t\t\t\t\t\t<\/div>\n\t\t\t\t<\/div>\n\t\t\t\t\t<\/div>\n\t\t<\/div>\n\t\t\t\t\t\t\t<\/div>\n\t\t<\/section>\n\t\t\t\t<div class=\"elementor-element elementor-element-0e8f5be elementor-widget-divider--view-line elementor-widget elementor-widget-divider\" data-id=\"0e8f5be\" data-element_type=\"widget\" data-widget_type=\"divider.default\">\n\t\t\t\t<div class=\"elementor-widget-container\">\n\t\t\t\t\t<div class=\"elementor-divider\">\n\t\t\t<span class=\"elementor-divider-separator\">\n\t\t\t\t\t\t<\/span>\n\t\t<\/div>\n\t\t\t\t<\/div>\n\t\t\t\t<\/div>\n\t\t\t\t<section class=\"elementor-section elementor-inner-section elementor-element elementor-element-5ef550f elementor-section-boxed elementor-section-height-default elementor-section-height-default\" data-id=\"5ef550f\" data-element_type=\"section\">\n\t\t\t\t\t\t<div class=\"elementor-container elementor-column-gap-default\">\n\t\t\t\t\t<div class=\"elementor-column elementor-col-50 elementor-inner-column elementor-element elementor-element-2d4052c\" data-id=\"2d4052c\" data-element_type=\"column\">\n\t\t\t<div class=\"elementor-widget-wrap elementor-element-populated\">\n\t\t\t\t\t\t\t\t<div class=\"elementor-element elementor-element-350e330 elementor-widget elementor-widget-heading\" data-id=\"350e330\" data-element_type=\"widget\" data-widget_type=\"heading.default\">\n\t\t\t\t<div class=\"elementor-widget-container\">\n\t\t\t<h2 class=\"elementor-heading-title elementor-size-default\">Reflexn\u00e1 mas\u00e1\u017e chodidla<\/h2>\t\t<\/div>\n\t\t\t\t<\/div>\n\t\t\t\t\t<\/div>\n\t\t<\/div>\n\t\t\t\t<div class=\"elementor-column elementor-col-50 elementor-inner-column elementor-element elementor-element-4a70e62\" data-id=\"4a70e62\" data-element_type=\"column\">\n\t\t\t<div class=\"elementor-widget-wrap elementor-element-populated\">\n\t\t\t\t\t\t\t\t<div class=\"elementor-element elementor-element-a818ee3 elementor-widget elementor-widget-text-editor\" data-id=\"a818ee3\" data-element_type=\"widget\" data-widget_type=\"text-editor.default\">\n\t\t\t\t<div class=\"elementor-widget-container\">\n\t\t\t\t\t\t\t<p><strong style=\"caret-color: #000000; color: #000000;\" data-start=\"252\" data-end=\"263\">Term\u00edn:<\/strong><span style=\"caret-color: #000000; color: #000000;\">\u00a0<\/span><span style=\"caret-color: #000000; color: #000000;\">01. \u2013 03.05.2026<\/span><\/p><p style=\"caret-color: #000000; color: #000000; font-style: normal;\" data-start=\"284\" data-end=\"450\">Kurz je zameran\u00fd na stimul\u00e1ciu reflexn\u00fdch bodov chodidla, ktor\u00e9 s\u00fa prepojen\u00e9 s jednotliv\u00fdmi org\u00e1nmi tela. Technika podporuje prirodzen\u00e9 regenera\u010dn\u00e9 procesy organizmu.<\/p><p style=\"caret-color: #000000; color: #000000; font-style: normal;\" data-start=\"452\" data-end=\"515\">Kurz je organizovan\u00fd\u00a0<strong data-start=\"473\" data-end=\"514\">v spolupr\u00e1ci s Mas\u00e9rskou \u0161kolou ZAMAS<\/strong>.<\/p><p style=\"caret-color: #000000; color: #000000; font-style: normal;\" data-start=\"517\" data-end=\"595\"><a href=\"https:\/\/www.zamas.sk\/zoznam-kurzov\/reflexna-masaz-chodidla\/\">Viac inform\u00e1ci\u00ed n\u00e1jdete TU.<\/a><br data-start=\"533\" data-end=\"536\" \/><br \/><\/p><p><b>Tento kurz je mo\u017en\u00e9 absolvova\u0165 aj s vyu\u017eit\u00edm pr\u00edspevku IVU (Individu\u00e1lny vzdel\u00e1vac\u00ed \u00fa\u010det).<\/b><br \/>Pre z\u00edskanie pr\u00edspevku je potrebn\u00e9 sa najsk\u00f4r zaregistrova\u0165 ako ob\u010dan v syst\u00e9me IVU a n\u00e1sledne po\u017eiada\u0165 o podporu na vybran\u00fd kurz.<\/p><p><a href=\"https:\/\/vzdelavamsa.iedu.sk\/course-detail\/249\/10\">Zobrazi\u0165 kurz v syst\u00e9me IVU.<\/a><\/p><hr style=\"font-style: normal;\" data-start=\"597\" data-end=\"600\" \/>\t\t\t\t\t\t<\/div>\n\t\t\t\t<\/div>\n\t\t\t\t\t<\/div>\n\t\t<\/div>\n\t\t\t\t\t\t\t<\/div>\n\t\t<\/section>\n\t\t\t\t<div class=\"elementor-element elementor-element-e68f82a elementor-widget-divider--view-line elementor-widget elementor-widget-divider\" data-id=\"e68f82a\" data-element_type=\"widget\" data-widget_type=\"divider.default\">\n\t\t\t\t<div class=\"elementor-widget-container\">\n\t\t\t\t\t<div class=\"elementor-divider\">\n\t\t\t<span class=\"elementor-divider-separator\">\n\t\t\t\t\t\t<\/span>\n\t\t<\/div>\n\t\t\t\t<\/div>\n\t\t\t\t<\/div>\n\t\t\t\t<section class=\"elementor-section elementor-inner-section elementor-element elementor-element-3c04e94 elementor-section-boxed elementor-section-height-default elementor-section-height-default\" data-id=\"3c04e94\" data-element_type=\"section\">\n\t\t\t\t\t\t<div class=\"elementor-container elementor-column-gap-default\">\n\t\t\t\t\t<div class=\"elementor-column elementor-col-50 elementor-inner-column elementor-element elementor-element-b9f1257\" data-id=\"b9f1257\" data-element_type=\"column\">\n\t\t\t<div class=\"elementor-widget-wrap elementor-element-populated\">\n\t\t\t\t\t\t\t\t<div class=\"elementor-element elementor-element-415bd82 elementor-widget elementor-widget-heading\" data-id=\"415bd82\" data-element_type=\"widget\" data-widget_type=\"heading.default\">\n\t\t\t\t<div class=\"elementor-widget-container\">\n\t\t\t<h2 class=\"elementor-heading-title elementor-size-default\">Kalifornsk\u00e1 mas\u00e1\u017e<\/h2>\t\t<\/div>\n\t\t\t\t<\/div>\n\t\t\t\t\t<\/div>\n\t\t<\/div>\n\t\t\t\t<div class=\"elementor-column elementor-col-50 elementor-inner-column elementor-element elementor-element-2416fdf\" data-id=\"2416fdf\" data-element_type=\"column\">\n\t\t\t<div class=\"elementor-widget-wrap elementor-element-populated\">\n\t\t\t\t\t\t\t\t<div class=\"elementor-element elementor-element-d3a485c elementor-widget elementor-widget-text-editor\" data-id=\"d3a485c\" data-element_type=\"widget\" data-widget_type=\"text-editor.default\">\n\t\t\t\t<div class=\"elementor-widget-container\">\n\t\t\t\t\t\t\t<p data-start=\"625\" data-end=\"655\"><strong data-start=\"625\" data-end=\"636\">Term\u00edn:<\/strong> 04. \u2013 06.05.2026<\/p><p data-start=\"657\" data-end=\"787\">Kalifornsk\u00e1 mas\u00e1\u017e je jemn\u00e1 relaxa\u010dn\u00e1 technika zalo\u017een\u00e1 na plynul\u00fdch harmoniza\u010dn\u00fdch pohyboch, ktor\u00e9 pom\u00e1haj\u00fa uvo\u013eni\u0165 telo aj myse\u013e.<\/p><p data-start=\"789\" data-end=\"852\">Kurz je organizovan\u00fd <strong data-start=\"810\" data-end=\"851\">v spolupr\u00e1ci s Mas\u00e9rskou \u0161kolou ZAMAS<\/strong>.<\/p><p data-start=\"854\" data-end=\"926\"><a href=\"https:\/\/www.zamas.sk\/zoznam-kurzov\/kalifornska-masaz\/\">Viac inform\u00e1ci\u00ed n\u00e1jdete TU.<\/a><br data-start=\"870\" data-end=\"873\" \/><br \/><\/p><p><b>Tento kurz je mo\u017en\u00e9 absolvova\u0165 aj s vyu\u017eit\u00edm pr\u00edspevku IVU (Individu\u00e1lny vzdel\u00e1vac\u00ed \u00fa\u010det).<\/b><br \/>Pre z\u00edskanie pr\u00edspevku je potrebn\u00e9 sa najsk\u00f4r zaregistrova\u0165 ako ob\u010dan v syst\u00e9me IVU a n\u00e1sledne po\u017eiada\u0165 o podporu na vybran\u00fd kurz.<\/p><p><a href=\"https:\/\/vzdelavamsa.iedu.sk\/course-detail\/394\/10\">Zobrazi\u0165 kurz v syst\u00e9me IVU.<\/a><\/p>\t\t\t\t\t\t<\/div>\n\t\t\t\t<\/div>\n\t\t\t\t\t<\/div>\n\t\t<\/div>\n\t\t\t\t\t\t\t<\/div>\n\t\t<\/section>\n\t\t\t\t<div class=\"elementor-element elementor-element-b3ab2eb elementor-widget-divider--view-line elementor-widget elementor-widget-divider\" data-id=\"b3ab2eb\" data-element_type=\"widget\" data-widget_type=\"divider.default\">\n\t\t\t\t<div class=\"elementor-widget-container\">\n\t\t\t\t\t<div class=\"elementor-divider\">\n\t\t\t<span class=\"elementor-divider-separator\">\n\t\t\t\t\t\t<\/span>\n\t\t<\/div>\n\t\t\t\t<\/div>\n\t\t\t\t<\/div>\n\t\t\t\t<section class=\"elementor-section elementor-inner-section elementor-element elementor-element-beb20bd elementor-section-boxed elementor-section-height-default elementor-section-height-default\" data-id=\"beb20bd\" data-element_type=\"section\">\n\t\t\t\t\t\t<div class=\"elementor-container elementor-column-gap-default\">\n\t\t\t\t\t<div class=\"elementor-column elementor-col-50 elementor-inner-column elementor-element elementor-element-07cfbb5\" data-id=\"07cfbb5\" data-element_type=\"column\">\n\t\t\t<div class=\"elementor-widget-wrap elementor-element-populated\">\n\t\t\t\t\t\t\t\t<div class=\"elementor-element elementor-element-e332fb1 elementor-widget elementor-widget-heading\" data-id=\"e332fb1\" data-element_type=\"widget\" data-widget_type=\"heading.default\">\n\t\t\t\t<div class=\"elementor-widget-container\">\n\t\t\t<h2 class=\"elementor-heading-title elementor-size-default\">Thajsk\u00e1 mas\u00e1\u017e<\/h2>\t\t<\/div>\n\t\t\t\t<\/div>\n\t\t\t\t\t<\/div>\n\t\t<\/div>\n\t\t\t\t<div class=\"elementor-column elementor-col-50 elementor-inner-column elementor-element elementor-element-4de27a0\" data-id=\"4de27a0\" data-element_type=\"column\">\n\t\t\t<div class=\"elementor-widget-wrap elementor-element-populated\">\n\t\t\t\t\t\t\t\t<div class=\"elementor-element elementor-element-d009a84 elementor-widget elementor-widget-text-editor\" data-id=\"d009a84\" data-element_type=\"widget\" data-widget_type=\"text-editor.default\">\n\t\t\t\t<div class=\"elementor-widget-container\">\n\t\t\t\t\t\t\t<p data-start=\"952\" data-end=\"982\"><strong data-start=\"952\" data-end=\"963\">Term\u00edn:<\/strong> 07. \u2013 10.05.2026<\/p><p data-start=\"984\" data-end=\"1140\">Kurz predstavuje tradi\u010dn\u00e9 techniky thajskej mas\u00e1\u017ee zameran\u00e9 na pr\u00e1cu s energetick\u00fdmi dr\u00e1hami tela, mobiliz\u00e1ciu pohybov\u00e9ho apar\u00e1tu a hlbok\u00e9 uvo\u013enenie svalov.<\/p><p data-start=\"1142\" data-end=\"1205\">Kurz je organizovan\u00fd <strong data-start=\"1163\" data-end=\"1204\">v spolupr\u00e1ci s Mas\u00e9rskou \u0161kolou ZAMAS<\/strong>.<\/p><p data-start=\"1207\" data-end=\"1275\"><a href=\"https:\/\/www.zamas.sk\/zoznam-kurzov\/thajska-masaz\/\">Viac inform\u00e1ci\u00ed n\u00e1jdete TU.<\/a><br data-start=\"1223\" data-end=\"1226\" \/><br \/><\/p><p><b>Tento kurz je mo\u017en\u00e9 absolvova\u0165 aj s vyu\u017eit\u00edm pr\u00edspevku IVU (Individu\u00e1lny vzdel\u00e1vac\u00ed \u00fa\u010det).<\/b><br \/>Pre z\u00edskanie pr\u00edspevku je potrebn\u00e9 sa najsk\u00f4r zaregistrova\u0165 ako ob\u010dan v syst\u00e9me IVU a n\u00e1sledne po\u017eiada\u0165 o podporu na vybran\u00fd kurz.<\/p><p><a href=\"https:\/\/vzdelavamsa.iedu.sk\/course-detail\/244\/10\">Zobrazi\u0165 kurz v syst\u00e9me IVU.<\/a><\/p>\t\t\t\t\t\t<\/div>\n\t\t\t\t<\/div>\n\t\t\t\t\t<\/div>\n\t\t<\/div>\n\t\t\t\t\t\t\t<\/div>\n\t\t<\/section>\n\t\t\t\t<div class=\"elementor-element elementor-element-81e8cf9 elementor-widget-divider--view-line elementor-widget elementor-widget-divider\" data-id=\"81e8cf9\" data-element_type=\"widget\" data-widget_type=\"divider.default\">\n\t\t\t\t<div class=\"elementor-widget-container\">\n\t\t\t\t\t<div class=\"elementor-divider\">\n\t\t\t<span class=\"elementor-divider-separator\">\n\t\t\t\t\t\t<\/span>\n\t\t<\/div>\n\t\t\t\t<\/div>\n\t\t\t\t<\/div>\n\t\t\t\t<section class=\"elementor-section elementor-inner-section elementor-element elementor-element-9b68a05 elementor-section-boxed elementor-section-height-default elementor-section-height-default\" data-id=\"9b68a05\" data-element_type=\"section\">\n\t\t\t\t\t\t<div class=\"elementor-container elementor-column-gap-default\">\n\t\t\t\t\t<div class=\"elementor-column elementor-col-50 elementor-inner-column elementor-element elementor-element-d02b802\" data-id=\"d02b802\" data-element_type=\"column\">\n\t\t\t<div class=\"elementor-widget-wrap elementor-element-populated\">\n\t\t\t\t\t\t\t\t<div class=\"elementor-element elementor-element-cdcb6b3 elementor-widget elementor-widget-heading\" data-id=\"cdcb6b3\" data-element_type=\"widget\" data-widget_type=\"heading.default\">\n\t\t\t\t<div class=\"elementor-widget-container\">\n\t\t\t<h2 class=\"elementor-heading-title elementor-size-default\">Kineziotaping, taping a strapping, flossing<\/h2>\t\t<\/div>\n\t\t\t\t<\/div>\n\t\t\t\t\t<\/div>\n\t\t<\/div>\n\t\t\t\t<div class=\"elementor-column elementor-col-50 elementor-inner-column elementor-element elementor-element-28bf801\" data-id=\"28bf801\" data-element_type=\"column\">\n\t\t\t<div class=\"elementor-widget-wrap elementor-element-populated\">\n\t\t\t\t\t\t\t\t<div class=\"elementor-element elementor-element-3180812 elementor-widget elementor-widget-text-editor\" data-id=\"3180812\" data-element_type=\"widget\" data-widget_type=\"text-editor.default\">\n\t\t\t\t<div class=\"elementor-widget-container\">\n\t\t\t\t\t\t\t<p data-start=\"1301\" data-end=\"1331\"><strong data-start=\"1301\" data-end=\"1312\">Term\u00edn:<\/strong> 25. \u2013 27.05.2026<\/p><p data-start=\"1333\" data-end=\"1468\">Kurz je zameran\u00fd na praktick\u00e9 vyu\u017eitie kineziologick\u00fdch tejpov pri podpore pohybov\u00e9ho apar\u00e1tu, regener\u00e1cii svalov a stabiliz\u00e1cii k\u013abov.<\/p><p data-start=\"1470\" data-end=\"1533\">Kurz je organizovan\u00fd <strong data-start=\"1491\" data-end=\"1532\">v spolupr\u00e1ci s Mas\u00e9rskou \u0161kolou ZAMAS<\/strong>.<\/p><p data-start=\"1535\" data-end=\"1603\"><a href=\"https:\/\/www.zamas.sk\/zoznam-kurzov\/kineziotaping\/\">Viac inform\u00e1ci\u00ed n\u00e1jdete TU.<\/a><br data-start=\"1551\" data-end=\"1554\" \/><br \/><\/p><p><b>Tento kurz je mo\u017en\u00e9 absolvova\u0165 aj s vyu\u017eit\u00edm pr\u00edspevku IVU (Individu\u00e1lny vzdel\u00e1vac\u00ed \u00fa\u010det).<\/b><br \/>Pre z\u00edskanie pr\u00edspevku je potrebn\u00e9 sa najsk\u00f4r zaregistrova\u0165 ako ob\u010dan v syst\u00e9me IVU a n\u00e1sledne po\u017eiada\u0165 o podporu na vybran\u00fd kurz.<\/p><p><a href=\"https:\/\/vzdelavamsa.iedu.sk\/course-detail\/247\/10\">Zobrazi\u0165 kurz v syst\u00e9me IVU.<\/a><\/p><hr data-start=\"1605\" data-end=\"1608\" \/>\t\t\t\t\t\t<\/div>\n\t\t\t\t<\/div>\n\t\t\t\t\t<\/div>\n\t\t<\/div>\n\t\t\t\t\t\t\t<\/div>\n\t\t<\/section>\n\t\t\t\t<div class=\"elementor-element elementor-element-306221c elementor-widget-divider--view-line elementor-widget elementor-widget-divider\" data-id=\"306221c\" data-element_type=\"widget\" data-widget_type=\"divider.default\">\n\t\t\t\t<div class=\"elementor-widget-container\">\n\t\t\t\t\t<div class=\"elementor-divider\">\n\t\t\t<span class=\"elementor-divider-separator\">\n\t\t\t\t\t\t<\/span>\n\t\t<\/div>\n\t\t\t\t<\/div>\n\t\t\t\t<\/div>\n\t\t\t\t<section class=\"elementor-section elementor-inner-section elementor-element elementor-element-5837f8d elementor-section-boxed elementor-section-height-default elementor-section-height-default\" data-id=\"5837f8d\" data-element_type=\"section\">\n\t\t\t\t\t\t<div class=\"elementor-container elementor-column-gap-default\">\n\t\t\t\t\t<div class=\"elementor-column elementor-col-50 elementor-inner-column elementor-element elementor-element-861b114\" data-id=\"861b114\" data-element_type=\"column\">\n\t\t\t<div class=\"elementor-widget-wrap elementor-element-populated\">\n\t\t\t\t\t\t\t\t<div class=\"elementor-element elementor-element-0066b8a elementor-widget elementor-widget-heading\" data-id=\"0066b8a\" data-element_type=\"widget\" data-widget_type=\"heading.default\">\n\t\t\t\t<div class=\"elementor-widget-container\">\n\t\t\t<h2 class=\"elementor-heading-title elementor-size-default\">Kraniosakr\u00e1lna terapia<\/h2>\t\t<\/div>\n\t\t\t\t<\/div>\n\t\t\t\t\t<\/div>\n\t\t<\/div>\n\t\t\t\t<div class=\"elementor-column elementor-col-50 elementor-inner-column elementor-element elementor-element-bfe34ca\" data-id=\"bfe34ca\" data-element_type=\"column\">\n\t\t\t<div class=\"elementor-widget-wrap elementor-element-populated\">\n\t\t\t\t\t\t\t\t<div class=\"elementor-element elementor-element-754f119 elementor-widget elementor-widget-text-editor\" data-id=\"754f119\" data-element_type=\"widget\" data-widget_type=\"text-editor.default\">\n\t\t\t\t<div class=\"elementor-widget-container\">\n\t\t\t\t\t\t\t<p data-start=\"1638\" data-end=\"1668\"><strong data-start=\"1638\" data-end=\"1649\">Term\u00edn:<\/strong> 28. \u2013 31.05.2026<\/p><p data-start=\"1670\" data-end=\"1825\">Kurz je zameran\u00fd na jemn\u00e9 manu\u00e1lne techniky pr\u00e1ce s kraniosakr\u00e1lnym syst\u00e9mom, ktor\u00e9 podporuj\u00fa prirodzen\u00e9 regenera\u010dn\u00e9 procesy organizmu a harmoniz\u00e1ciu tela.<\/p><p data-start=\"1827\" data-end=\"1890\">Kurz je organizovan\u00fd <strong data-start=\"1848\" data-end=\"1889\">v spolupr\u00e1ci s Mas\u00e9rskou \u0161kolou ZAMAS<\/strong>.<\/p><p data-start=\"1892\" data-end=\"1969\"><a href=\"https:\/\/www.zamas.sk\/zoznam-kurzov\/kraniosakralna-terapia\/\">Viac inform\u00e1ci\u00ed n\u00e1jdete TU.<\/a><br data-start=\"1908\" data-end=\"1911\" \/><br \/><\/p><p><b>Tento kurz je mo\u017en\u00e9 absolvova\u0165 aj s vyu\u017eit\u00edm pr\u00edspevku IVU (Individu\u00e1lny vzdel\u00e1vac\u00ed \u00fa\u010det).<\/b><br \/>Pre z\u00edskanie pr\u00edspevku je potrebn\u00e9 sa najsk\u00f4r zaregistrova\u0165 ako ob\u010dan v syst\u00e9me IVU a n\u00e1sledne po\u017eiada\u0165 o podporu na vybran\u00fd kurz.<\/p><p><a href=\"https:\/\/vzdelavamsa.iedu.sk\/course-detail\/248\/10\">Zobrazi\u0165 kurz v syst\u00e9me IVU.<\/a><\/p>\t\t\t\t\t\t<\/div>\n\t\t\t\t<\/div>\n\t\t\t\t\t<\/div>\n\t\t<\/div>\n\t\t\t\t\t\t\t<\/div>\n\t\t<\/section>\n\t\t\t\t<div class=\"elementor-element elementor-element-c9b9532 elementor-widget-divider--view-line elementor-widget elementor-widget-divider\" data-id=\"c9b9532\" data-element_type=\"widget\" data-widget_type=\"divider.default\">\n\t\t\t\t<div class=\"elementor-widget-container\">\n\t\t\t\t\t<div class=\"elementor-divider\">\n\t\t\t<span class=\"elementor-divider-separator\">\n\t\t\t\t\t\t<\/span>\n\t\t<\/div>\n\t\t\t\t<\/div>\n\t\t\t\t<\/div>\n\t\t\t\t\t<\/div>\n\t\t<\/div>\n\t\t\t\t\t\t\t<\/div>\n\t\t<\/section>\n\t\t\t\t\t\t<\/div>\n\t\t\t\t\t<\/div>\n\t\t","protected":false},"excerpt":{"rendered":"<p>Neakreditovan\u00e9 kurzy Slovensk\u00e1 komora mas\u00e9rskych slu\u017eieb a wellness pracovn\u00edkov organizuje odborn\u00e9 vzdel\u00e1vacie kurzy v spolupr\u00e1ci s Mas\u00e9rskou \u0161kolou ZAMAS. https:\/\/www.zamas.sk\/\u00a0 Osteopatick\u00e9 manipula\u010dn\u00e9 techniky pre pokro\u010dil\u00fdch Term\u00edn: 08.06. \u2013 10.06.2026 Kurz je ur\u010den\u00fd pre pokro\u010dil\u00fdch terapeutov, ktor\u00ed chc\u00fa preh\u013abi\u0165 svoje znalosti manu\u00e1lnych techn\u00edk a roz\u0161\u00edri\u0165 svoje terapeutick\u00e9 mo\u017enosti. Zameriava sa na presnos\u0165, citlivos\u0165 a efekt\u00edvnos\u0165 pr\u00e1ce &hellip;<\/p>\n<p class=\"read-more\"> <a class=\"\" href=\"https:\/\/komorawpms.sk\/?page_id=3351\"> <span class=\"screen-reader-text\">Neakreditovan\u00e9 kurzy<\/span> \u010c\u00edtajte viac &raquo;<\/a><\/p>\n","protected":false},"author":1,"featured_media":0,"parent":3395,"menu_order":0,"comment_status":"closed","ping_status":"closed","template":"","meta":{"footnotes":""},"class_list":["post-3351","page","type-page","status-publish","hentry"],"_links":{"self":[{"href":"https:\/\/komorawpms.sk\/index.php?rest_route=\/wp\/v2\/pages\/3351","targetHints":{"allow":["GET"]}}],"collection":[{"href":"https:\/\/komorawpms.sk\/index.php?rest_route=\/wp\/v2\/pages"}],"about":[{"href":"https:\/\/komorawpms.sk\/index.php?rest_route=\/wp\/v2\/types\/page"}],"author":[{"embeddable":true,"href":"https:\/\/komorawpms.sk\/index.php?rest_route=\/wp\/v2\/users\/1"}],"replies":[{"embeddable":true,"href":"https:\/\/komorawpms.sk\/index.php?rest_route=%2Fwp%2Fv2%2Fcomments&post=3351"}],"version-history":[{"count":79,"href":"https:\/\/komorawpms.sk\/index.php?rest_route=\/wp\/v2\/pages\/3351\/revisions"}],"predecessor-version":[{"id":3519,"href":"https:\/\/komorawpms.sk\/index.php?rest_route=\/wp\/v2\/pages\/3351\/revisions\/3519"}],"up":[{"embeddable":true,"href":"https:\/\/komorawpms.sk\/index.php?rest_route=\/wp\/v2\/pages\/3395"}],"wp:attachment":[{"href":"https:\/\/komorawpms.sk\/index.php?rest_route=%2Fwp%2Fv2%2Fmedia&parent=3351"}],"curies":[{"name":"wp","href":"https:\/\/api.w.org\/{rel}","templated":true}]}}