{"id":3110,"date":"2025-05-06T16:35:46","date_gmt":"2025-05-06T14:35:46","guid":{"rendered":"https:\/\/komorawpms.sk\/?page_id=3110"},"modified":"2025-05-15T15:12:22","modified_gmt":"2025-05-15T13:12:22","slug":"reklamacny-poriadok-slovenska-komora-maserskych-sluzieb-a-wellness-pracovnikov","status":"publish","type":"page","link":"https:\/\/komorawpms.sk\/?page_id=3110","title":{"rendered":"Obchodn\u00e9 podmienky a Reklama\u010dn\u00fd poriadok"},"content":{"rendered":"\t\t<div data-elementor-type=\"wp-page\" data-elementor-id=\"3110\" class=\"elementor elementor-3110\" data-elementor-settings=\"[]\">\n\t\t\t\t\t\t\t<div class=\"elementor-section-wrap\">\n\t\t\t\t\t\t\t<section class=\"elementor-section elementor-top-section elementor-element elementor-element-2afa3b4 elementor-section-boxed elementor-section-height-default elementor-section-height-default\" data-id=\"2afa3b4\" data-element_type=\"section\">\n\t\t\t\t\t\t<div class=\"elementor-container elementor-column-gap-default\">\n\t\t\t\t\t<div class=\"elementor-column elementor-col-100 elementor-top-column elementor-element elementor-element-30bf4b3c\" data-id=\"30bf4b3c\" data-element_type=\"column\">\n\t\t\t<div class=\"elementor-widget-wrap elementor-element-populated\">\n\t\t\t\t\t\t\t\t<div class=\"elementor-element elementor-element-6f538161 elementor-widget elementor-widget-text-editor\" data-id=\"6f538161\" data-element_type=\"widget\" data-widget_type=\"text-editor.default\">\n\t\t\t\t<div class=\"elementor-widget-container\">\n\t\t\t\t\t\t\t<h4 class=\"entry-title\"><strong>Obchodn\u00e9 podmienky<\/strong><\/h4>\n<p><b>Obchodn\u00e9 podmienky Slovenskej komory mas\u00e9rskych slu\u017eieb a wellness pracovn\u00edkov, ob\u010diansk\u00e9 zdru\u017eenie<\/b><b><\/b><\/p>\n<p><b>1. \u00davodn\u00e9 ustanovenia<\/b><\/p>\n<p>Tieto obchodn\u00e9 podmienky upravuj\u00fa vz\u0165ahy medzi OZ Slovensk\u00e1 komora mas\u00e9rskych slu\u017eieb a wellness pracovn\u00edkov, so s\u00eddlom na ulici sv. Cyrila a Metoda 25, Vr\u00fatky 038 61 I\u010cO: 37982818, DI\u010c: 2022241155<\/p>\n<p>, ako <b>poskytovate\u013eom vzdel\u00e1vania <\/b>(\u010falej len \u201eKomora\u201c) a fyzick\u00fdmi alebo pr\u00e1vnick\u00fdmi osobami (\u010falej len \u201e\u00fa\u010dastn\u00edk\u201c), ktor\u00e9 si objedn\u00e1vaj\u00fa vzdel\u00e1vacie kurzy, semin\u00e1re, webin\u00e1re alebo in\u00e9 slu\u017eby.<\/p>\n<p><b>Prihl\u00e1senie na kurz<\/b><\/p>\n<p>Prihl\u00e1senie prebieha cez online formul\u00e1r, e-mailom alebo osobne.<\/p>\n<p>Po odoslan\u00ed prihl\u00e1\u0161ky dostane \u00fa\u010dastn\u00edk potvrdenie o prijat\u00ed a n\u00e1slednes inform\u00e1ciami o kurze a s \u00fadajmi na \u00fahradu z\u00e1lohy.<\/p>\n<p>Z\u00e1v\u00e4zn\u00e1 prihl\u00e1\u0161ka vznik\u00e1 po uhraden\u00ed z\u00e1lohy na kurz.<\/p>\n<p><b>Platobn\u00e9 podmienky<\/b><\/p>\n<p>Kurzovn\u00e9 je potrebn\u00e9 uhradi\u0165 <b>najnesk\u00f4r v de\u0148 n\u00e1stupu na kurz<\/b>.<\/p>\n<p>Cena kurzu zah\u0155\u0148a v\u00fdu\u010dbu, \u0161tudijn\u00e9 materi\u00e1ly a certifik\u00e1t o absolvovan\u00ed.<\/p>\n<p>V pr\u00edpade kurzov s obmedzenou kapacitou plat\u00ed <b>poradie pod\u013ea \u00fahrady z\u00e1lohy, alebo poradia prich\u00e1dzaj\u00facich prihl\u00e1\u0161ok<\/b>.<\/p>\n<p><b>Storno podmienky<\/b><\/p>\n<p>Zru\u0161enie \u00fa\u010dasti <b>viac ako 14 dn\u00ed pred kurzom <\/b>\u2013 bez poplatku.<\/p>\n<p>Zru\u0161enie \u00fa\u010dasti <b>7 \u2013 13 dn\u00ed pred kurzom <\/b>\u2013 storno poplatok- z\u00e1loha prepad\u00e1.<\/p>\n<p>Zru\u0161enie \u00fa\u010dasti <b>menej ako 7 dn\u00ed pred kurzom <\/b>alebo ne\u00fa\u010das\u0165 \u2013 z\u00e1loha prepad\u00e1.<\/p>\n<p>V pr\u00edpade choroby alebo v\u00e1\u017enych d\u00f4vodov je mo\u017en\u00e9 <b>presun\u00fa\u0165 \u00fa\u010das\u0165 na in\u00fd term\u00edn <\/b>po dohode, vtedy z\u00e1loha je prenosn\u00e1.<\/p>\n<p><b>Zmena alebo zru\u0161enie kurzu zo strany Komory<\/b><\/p>\n<p>Zamas si vyhradzuje pr\u00e1vo zmeni\u0165 term\u00edn kurzu (napr. z d\u00f4vodu nedostato\u010dn\u00e9ho po\u010dtu \u00fa\u010dastn\u00edkov, choroby lektora a pod.).<\/p>\n<p>V takom pr\u00edpade bude \u00fa\u010dastn\u00edkovi pon\u00faknut\u00fd <b>n\u00e1hradn\u00fd term\u00edn <\/b>alebo <b>vr\u00e1tenie z\u00e1lohy na kurz v plnej v\u00fd\u0161ke<\/b>.<\/p>\n<p><b>Zodpovednos\u0165<\/b><\/p>\n<p>\u00da\u010dastn\u00edk sa zav\u00e4zuje, \u017ee sa z\u00fa\u010dastn\u00ed kurzu v dobrom zdravotnom stave a \u017ee <b>nezataj\u00ed \u017eiadne<\/b><\/p>\n<p><b>kontraindik\u00e1cie k praktick\u00fdm \u010dastiam<\/b>.<\/p>\n<p>Zamas nezodpoved\u00e1 za \u0161kody sp\u00f4soben\u00e9 nedodr\u017ean\u00edm pokynov lektorov alebo poru\u0161en\u00edm pravidiel BOZP po\u010das v\u00fdu\u010dby.<\/p>\n<p>Ochrana osobn\u00fdch \u00fadajov<\/p>\n<p>\u00dadaje \u00fa\u010dastn\u00edkov s\u00fa spracovan\u00e9 v s\u00falade s nariaden\u00edm GDPR.<\/p>\n<p>\u00da\u010delom spracovania je administr\u00e1cia kurzov, vystavenie certifik\u00e1tov a informovanie o ponuke \u010fal\u0161\u00edch vzdel\u00e1vac\u00edch aktiv\u00edt.<\/p>\n<p>\u00da\u010dastn\u00edk m\u00e1 pr\u00e1vo na pr\u00edstup, opravu a v\u00fdmaz svojich \u00fadajov.<\/p>\n<p><b>Z\u00e1vere\u010dn\u00e9 ustanovenia<\/b><b><\/b><\/p>\n<p>Tieto podmienky nadob\u00fadaj\u00fa platnos\u0165 d\u0148om 1.1. 2025.<\/p>\n<p>Komora si vyhradzuje pr\u00e1vo podmienky meni\u0165, pri\u010dom nov\u00e9 znenie bude zverejnen\u00e9 na webovej str\u00e1nke zdru\u017eenia.<\/p>\n<p>Odoslan\u00edm prihl\u00e1\u0161ky \u00fa\u010dastn\u00edk s\u00fahlas\u00ed s t\u00fdmito obchodn\u00fdmi podmienkami.<\/p>\n<h5><strong>\u00a0<\/strong><\/h5>\n<h4><strong>Reklama\u010dn\u00fd poriadok<\/strong><\/h4>\n<p><strong>1. \u00davodn\u00e9 ustanovenia<\/strong><\/p>\n<p><!-- \/wp:paragraph --><!-- wp:paragraph --><\/p>\n<p>Tento reklama\u010dn\u00fd poriadok upravuje podmienky uplat\u0148ovania reklam\u00e1ci\u00ed zo strany \u010dlenov komory alebo verejnosti (spotrebite\u013eov) v s\u00favislosti so slu\u017ebami poskytovan\u00fdmi Slovenskou komorou mas\u00e9rskych slu\u017eieb a wellness pracovn\u00edkov. Reklama\u010dn\u00fd poriadok je vypracovan\u00fd v s\u00falade so z\u00e1konom \u010d. 250\/2007 Z. z. o ochrane spotrebite\u013ea a Ob\u010dianskym z\u00e1konn\u00edkom.<\/p>\n<p><!-- \/wp:paragraph --><!-- wp:paragraph --><\/p>\n<p><strong>2. Pr\u00e1vo na reklam\u00e1ciu<\/strong><\/p>\n<p><!-- \/wp:paragraph --><!-- wp:paragraph --><\/p>\n<p>Reklam\u00e1ciu mo\u017eno uplatni\u0165 v pr\u00edpade, ak poskytnut\u00e1 slu\u017eba zo strany komory m\u00e1 nedostatky alebo nezodpoved\u00e1 dohodnut\u00fdm alebo ozn\u00e1men\u00fdm podmienkam. M\u00f4\u017ee \u00eds\u0165 napr\u00edklad o:<\/p>\n<p><!-- \/wp:paragraph --><!-- wp:list --><\/p>\n<ul class=\"wp-block-list\">\n<li style=\"list-style-type: none;\">\n<ul class=\"wp-block-list\"><!-- wp:list-item --><\/ul>\n<\/li>\n<\/ul>\n<p>\u00a0<\/p>\n<ul class=\"wp-block-list\">\n<li style=\"list-style-type: none;\">\n<ul class=\"wp-block-list\">\n<li>nedodr\u017eanie zverejnen\u00fdch term\u00ednov alebo podmienok,<\/li>\n<\/ul>\n<\/li>\n<\/ul>\n<p><!-- \/wp:list-item --><!-- wp:list-item --><\/p>\n<ul class=\"wp-block-list\">\n<li style=\"list-style-type: none;\">\n<ul class=\"wp-block-list\">\n<li>neprofesion\u00e1lny pr\u00edstup v komunik\u00e1cii alebo pri odbornom hodnoten\u00ed,<\/li>\n<\/ul>\n<\/li>\n<\/ul>\n<p><!-- \/wp:list-item --><!-- wp:list-item --><\/p>\n<ul class=\"wp-block-list\">\n<li style=\"list-style-type: none;\">\n<ul class=\"wp-block-list\">\n<li>technick\u00e9 alebo organiza\u010dn\u00e9 zlyhania pri poskytovan\u00ed certifik\u00e1ci\u00ed, poradenstva alebo overen\u00ed praxe,<\/li>\n<\/ul>\n<\/li>\n<\/ul>\n<p><!-- \/wp:list-item --><!-- wp:list-item --><\/p>\n<ul class=\"wp-block-list\">\n<li style=\"list-style-type: none;\">\n<ul class=\"wp-block-list\">\n<li>nespr\u00e1vne vystaven\u00e9 dokumenty alebo potvrdenia.<\/li>\n<\/ul>\n<\/li>\n<\/ul>\n<p><!-- \/wp:list-item --><\/p>\n<p><!-- \/wp:list --><!-- wp:paragraph --><\/p>\n<p><strong>3. Uplatnenie reklam\u00e1cie<\/strong><\/p>\n<p><!-- \/wp:paragraph --><!-- wp:paragraph --><\/p>\n<p>Reklam\u00e1ciu je mo\u017en\u00e9 poda\u0165:<\/p>\n<p><!-- \/wp:paragraph --><!-- wp:list --><\/p>\n<ul class=\"wp-block-list\">\n<li style=\"list-style-type: none;\">\n<ul class=\"wp-block-list\"><!-- wp:list-item --><\/ul>\n<\/li>\n<\/ul>\n<p>\u00a0<\/p>\n<ul class=\"wp-block-list\">\n<li style=\"list-style-type: none;\">\n<ul class=\"wp-block-list\">\n<li>e-mailom na adresu komory: <strong>vrutky@komorawpms.sk<\/strong>,<\/li>\n<\/ul>\n<\/li>\n<\/ul>\n<p><!-- \/wp:list-item --><!-- wp:list-item --><\/p>\n<ul class=\"wp-block-list\">\n<li style=\"list-style-type: none;\">\n<ul class=\"wp-block-list\">\n<li>po\u0161tou na adresu: <strong>Sv. Cyrila a Metoda 25, Vr\u00fatky<\/strong>,<\/li>\n<\/ul>\n<\/li>\n<\/ul>\n<p><!-- \/wp:list-item --><!-- wp:list-item --><\/p>\n<ul class=\"wp-block-list\">\n<li style=\"list-style-type: none;\">\n<ul class=\"wp-block-list\">\n<li>alebo osobne v s\u00eddle komory po\u010das \u00faradn\u00fdch hod\u00edn (ak je to mo\u017en\u00e9).<\/li>\n<\/ul>\n<\/li>\n<\/ul>\n<p><!-- \/wp:list-item --><\/p>\n<p><!-- \/wp:list --><!-- wp:paragraph --><\/p>\n<p>Reklam\u00e1ciu je potrebn\u00e9 poda\u0165 <strong>bez zbyto\u010dn\u00e9ho odkladu<\/strong>, ide\u00e1lne do <strong>5 pracovn\u00fdch dn\u00ed<\/strong> od momentu, ke\u010f \u00fa\u010dastn\u00edk zist\u00ed nedostatok. Reklam\u00e1cia mus\u00ed obsahova\u0165:<\/p>\n<p><!-- \/wp:paragraph --><!-- wp:list --><\/p>\n<ul class=\"wp-block-list\">\n<li style=\"list-style-type: none;\">\n<ul class=\"wp-block-list\"><!-- wp:list-item --><\/ul>\n<\/li>\n<\/ul>\n<p>\u00a0<\/p>\n<ul class=\"wp-block-list\">\n<li style=\"list-style-type: none;\">\n<ul class=\"wp-block-list\">\n<li>meno a kontakt pod\u00e1vaj\u00faceho,<\/li>\n<\/ul>\n<\/li>\n<\/ul>\n<p><!-- \/wp:list-item --><!-- wp:list-item --><\/p>\n<ul class=\"wp-block-list\">\n<li style=\"list-style-type: none;\">\n<ul class=\"wp-block-list\">\n<li>n\u00e1zov a d\u00e1tum poskytnutej slu\u017eby,<\/li>\n<\/ul>\n<\/li>\n<\/ul>\n<p><!-- \/wp:list-item --><!-- wp:list-item --><\/p>\n<ul class=\"wp-block-list\">\n<li style=\"list-style-type: none;\">\n<ul class=\"wp-block-list\">\n<li>stru\u010dn\u00fd popis probl\u00e9mu,<\/li>\n<\/ul>\n<\/li>\n<\/ul>\n<p><!-- \/wp:list-item --><!-- wp:list-item --><\/p>\n<ul class=\"wp-block-list\">\n<li style=\"list-style-type: none;\">\n<ul class=\"wp-block-list\">\n<li>pr\u00edpadn\u00e9 d\u00f4kazy alebo dokumenty k pr\u00edpadu.<\/li>\n<\/ul>\n<\/li>\n<\/ul>\n<p><!-- \/wp:list-item --><\/p>\n<p><!-- \/wp:list --><!-- wp:paragraph --><\/p>\n<p><strong>4. Vybavenie reklam\u00e1cie<\/strong><\/p>\n<p><!-- \/wp:paragraph --><!-- wp:paragraph --><\/p>\n<p>Po prijat\u00ed reklam\u00e1cie:<\/p>\n<p><!-- \/wp:paragraph --><!-- wp:list --><\/p>\n<ul class=\"wp-block-list\">\n<li style=\"list-style-type: none;\">\n<ul class=\"wp-block-list\"><!-- wp:list-item --><\/ul>\n<\/li>\n<\/ul>\n<p>\u00a0<\/p>\n<ul class=\"wp-block-list\">\n<li style=\"list-style-type: none;\">\n<ul class=\"wp-block-list\">\n<li>komora reklam\u00e1ciu zaeviduje a informuje pod\u00e1vaj\u00faceho o jej prijat\u00ed,<\/li>\n<\/ul>\n<\/li>\n<\/ul>\n<p><!-- \/wp:list-item --><!-- wp:list-item --><\/p>\n<ul class=\"wp-block-list\">\n<li style=\"list-style-type: none;\">\n<ul class=\"wp-block-list\">\n<li>vybavenie reklam\u00e1cie bude zabezpe\u010den\u00e9 najnesk\u00f4r <strong>do 30 dn\u00ed<\/strong>,<\/li>\n<\/ul>\n<\/li>\n<\/ul>\n<p><!-- \/wp:list-item --><!-- wp:list-item --><\/p>\n<ul class=\"wp-block-list\">\n<li style=\"list-style-type: none;\">\n<ul class=\"wp-block-list\">\n<li>o v\u00fdsledku reklam\u00e1cie bude \u00fa\u010dastn\u00edk informovan\u00fd p\u00edsomne alebo e-mailom.<\/li>\n<\/ul>\n<\/li>\n<\/ul>\n<p><!-- \/wp:list-item --><\/p>\n<p><!-- \/wp:list --><!-- wp:paragraph --><\/p>\n<p><strong>Sp\u00f4soby vybavenia reklam\u00e1cie m\u00f4\u017eu zah\u0155\u0148a\u0165:<\/strong><\/p>\n<p><!-- \/wp:paragraph --><!-- wp:list --><\/p>\n<ul class=\"wp-block-list\">\n<li style=\"list-style-type: none;\">\n<ul class=\"wp-block-list\"><!-- wp:list-item --><\/ul>\n<\/li>\n<\/ul>\n<p>\u00a0<\/p>\n<ul class=\"wp-block-list\">\n<li style=\"list-style-type: none;\">\n<ul class=\"wp-block-list\">\n<li>opravu alebo \u00fapravu vystaven\u00fdch dokumentov,<\/li>\n<\/ul>\n<\/li>\n<\/ul>\n<p><!-- \/wp:list-item --><!-- wp:list-item --><\/p>\n<ul class=\"wp-block-list\">\n<li style=\"list-style-type: none;\">\n<ul class=\"wp-block-list\">\n<li>ponuku n\u00e1hradn\u00e9ho rie\u0161enia (napr. nov\u00fd term\u00edn slu\u017eby),<\/li>\n<\/ul>\n<\/li>\n<\/ul>\n<p><!-- \/wp:list-item --><!-- wp:list-item --><\/p>\n<ul class=\"wp-block-list\">\n<li style=\"list-style-type: none;\">\n<ul class=\"wp-block-list\">\n<li>vr\u00e1tenie poplatku (ak bol slu\u017ebou v\u00fdrazne dotknut\u00fd),<\/li>\n<\/ul>\n<\/li>\n<\/ul>\n<p><!-- \/wp:list-item --><!-- wp:list-item --><\/p>\n<ul class=\"wp-block-list\">\n<li style=\"list-style-type: none;\">\n<ul class=\"wp-block-list\">\n<li>in\u00e9 individu\u00e1lne dohodnut\u00e9 rie\u0161enie.<\/li>\n<\/ul>\n<\/li>\n<\/ul>\n<p><!-- \/wp:list-item --><\/p>\n<p><!-- \/wp:list --><!-- wp:paragraph --><\/p>\n<p><strong>5. Ochrana osobn\u00fdch \u00fadajov<\/strong><\/p>\n<p><!-- \/wp:paragraph --><!-- wp:paragraph --><\/p>\n<p>V\u0161etky osobn\u00e9 \u00fadaje poskytnut\u00e9 po\u010das reklama\u010dn\u00e9ho procesu bud\u00fa spracovan\u00e9 v s\u00falade s platnou legislat\u00edvou o ochrane osobn\u00fdch \u00fadajov a pou\u017eit\u00e9 v\u00fdhradne na \u00fa\u010dely vybavenia reklam\u00e1cie.<\/p>\n<p><!-- \/wp:paragraph --><!-- wp:paragraph --><\/p>\n<p><!-- \/wp:paragraph --><\/p>\t\t\t\t\t\t<\/div>\n\t\t\t\t<\/div>\n\t\t\t\t\t<\/div>\n\t\t<\/div>\n\t\t\t\t\t\t\t<\/div>\n\t\t<\/section>\n\t\t\t\t\t\t<\/div>\n\t\t\t\t\t<\/div>\n\t\t","protected":false},"excerpt":{"rendered":"<p>Obchodn\u00e9 podmienky Obchodn\u00e9 podmienky Slovenskej komory mas\u00e9rskych slu\u017eieb a wellness pracovn\u00edkov, ob\u010diansk\u00e9 zdru\u017eenie 1. \u00davodn\u00e9 ustanovenia Tieto obchodn\u00e9 podmienky upravuj\u00fa vz\u0165ahy medzi OZ Slovensk\u00e1 komora mas\u00e9rskych slu\u017eieb a wellness pracovn\u00edkov, so s\u00eddlom na ulici sv. Cyrila a Metoda 25, Vr\u00fatky 038 61 I\u010cO: 37982818, DI\u010c: 2022241155 , ako poskytovate\u013eom vzdel\u00e1vania (\u010falej len \u201eKomora\u201c) a fyzick\u00fdmi &hellip;<\/p>\n<p class=\"read-more\"> <a class=\"\" href=\"https:\/\/komorawpms.sk\/?page_id=3110\"> <span class=\"screen-reader-text\">Obchodn\u00e9 podmienky a Reklama\u010dn\u00fd poriadok<\/span> \u010c\u00edtajte viac &raquo;<\/a><\/p>\n","protected":false},"author":1,"featured_media":0,"parent":0,"menu_order":0,"comment_status":"closed","ping_status":"closed","template":"","meta":{"footnotes":""},"class_list":["post-3110","page","type-page","status-publish","hentry"],"_links":{"self":[{"href":"https:\/\/komorawpms.sk\/index.php?rest_route=\/wp\/v2\/pages\/3110","targetHints":{"allow":["GET"]}}],"collection":[{"href":"https:\/\/komorawpms.sk\/index.php?rest_route=\/wp\/v2\/pages"}],"about":[{"href":"https:\/\/komorawpms.sk\/index.php?rest_route=\/wp\/v2\/types\/page"}],"author":[{"embeddable":true,"href":"https:\/\/komorawpms.sk\/index.php?rest_route=\/wp\/v2\/users\/1"}],"replies":[{"embeddable":true,"href":"https:\/\/komorawpms.sk\/index.php?rest_route=%2Fwp%2Fv2%2Fcomments&post=3110"}],"version-history":[{"count":6,"href":"https:\/\/komorawpms.sk\/index.php?rest_route=\/wp\/v2\/pages\/3110\/revisions"}],"predecessor-version":[{"id":3120,"href":"https:\/\/komorawpms.sk\/index.php?rest_route=\/wp\/v2\/pages\/3110\/revisions\/3120"}],"wp:attachment":[{"href":"https:\/\/komorawpms.sk\/index.php?rest_route=%2Fwp%2Fv2%2Fmedia&parent=3110"}],"curies":[{"name":"wp","href":"https:\/\/api.w.org\/{rel}","templated":true}]}}